{"id":33,"date":"2014-12-26T20:23:27","date_gmt":"2014-12-26T19:23:27","guid":{"rendered":"http:\/\/power-and-elegance.de\/?page_id=33"},"modified":"2021-02-17T15:14:58","modified_gmt":"2021-02-17T14:14:58","slug":"mucha-moors-wilma","status":"publish","type":"page","link":"https:\/\/power-and-elegance.de\/de\/irish-wolfhounds\/female\/mucha-moors-wilma\/","title":{"rendered":"C.I.B. JCh.MCh. Mucha Moor\u2019s Wilma"},"content":{"rendered":"<p><a href=\"http:\/\/power-and-elegance.de\/wp-content\/uploads\/2015\/02\/wilma-portrait-1-black.jpg\"><img loading=\"lazy\" decoding=\"async\" class=\"alignright wp-image-528 size-medium\" src=\"http:\/\/power-and-elegance.de\/wp-content\/uploads\/2015\/02\/wilma-portrait-1-black-216x300.jpg\" alt=\"wilma portrait 1 black\" width=\"216\" height=\"300\" srcset=\"https:\/\/power-and-elegance.de\/wp-content\/uploads\/2015\/02\/wilma-portrait-1-black-216x300.jpg 216w, https:\/\/power-and-elegance.de\/wp-content\/uploads\/2015\/02\/wilma-portrait-1-black-736x1024.jpg 736w, https:\/\/power-and-elegance.de\/wp-content\/uploads\/2015\/02\/wilma-portrait-1-black-700x974.jpg 700w, https:\/\/power-and-elegance.de\/wp-content\/uploads\/2015\/02\/wilma-portrait-1-black.jpg 2000w\" sizes=\"auto, (max-width: 216px) 100vw, 216px\" \/><\/a> Geburtsdatum: 14.10.2012<br \/>\nFarbe: sandfarben gestromt<br \/>\nH\u00f6he: 80 cm<br \/>\n<a title=\"Pedigree Mucha Moor\u2019s Wilma\" href=\"http:\/\/power-and-elegance.de\/irish-wolfhounds\/female\/mucha-moors-wilma\/pedigree-mucha-moors-wilma\/\">Wilmas Stammbaum<\/a><\/p>\n<p>Titel:<\/p>\n<ul>\n<li>Deutscher Jugend-Champion (DWZRV) (seit 2014)<\/li>\n<li>Polnischer Champion&nbsp;&nbsp;&nbsp;&nbsp;&nbsp;&nbsp;&nbsp;&nbsp;&nbsp;&nbsp;&nbsp;&nbsp;&nbsp;&nbsp;&nbsp;&nbsp;&nbsp;&nbsp;&nbsp;&nbsp;&nbsp;&nbsp;&nbsp;&nbsp;&nbsp;&nbsp;&nbsp;&nbsp;&nbsp;&nbsp; (&nbsp;&nbsp;&nbsp;&nbsp;&nbsp;&nbsp;&nbsp; &#8220;&nbsp;&nbsp;&nbsp;&nbsp;&nbsp; )<\/li>\n<li>Ungarischer Champion&nbsp;&nbsp;&nbsp;&nbsp;&nbsp;&nbsp;&nbsp;&nbsp;&nbsp;&nbsp;&nbsp;&nbsp;&nbsp;&nbsp;&nbsp;&nbsp;&nbsp;&nbsp;&nbsp;&nbsp;&nbsp;&nbsp;&nbsp;&nbsp;&nbsp;&nbsp;&nbsp; (seit 2015)<\/li>\n<li>Deutscher (DWZRV) Champion&nbsp;&nbsp;&nbsp;&nbsp;&nbsp;&nbsp;&nbsp;&nbsp;&nbsp;&nbsp;&nbsp;&nbsp;&nbsp;&nbsp; (&nbsp;&nbsp;&nbsp;&nbsp;&nbsp;&nbsp;&nbsp; &#8220;&nbsp;&nbsp;&nbsp;&nbsp;&nbsp; )<\/li>\n<li>Deutscher (VDH) Champion&nbsp;&nbsp;&nbsp;&nbsp;&nbsp;&nbsp;&nbsp;&nbsp;&nbsp;&nbsp;&nbsp;&nbsp;&nbsp;&nbsp;&nbsp;&nbsp;&nbsp;&nbsp;&nbsp; (&nbsp;&nbsp;&nbsp;&nbsp;&nbsp;&nbsp;&nbsp; &#8220;&nbsp;&nbsp;&nbsp;&nbsp;&nbsp; )<\/li>\n<li>Niederl\u00e4ndischer&nbsp;Champion&nbsp;&nbsp;&nbsp;&nbsp;&nbsp;&nbsp;&nbsp;&nbsp;&nbsp;&nbsp;&nbsp;&nbsp;&nbsp;&nbsp;&nbsp;&nbsp;&nbsp;&nbsp; (&nbsp;&nbsp;&nbsp;&nbsp;&nbsp;&nbsp;&nbsp; &#8220;&nbsp;&nbsp;&nbsp;&nbsp;&nbsp; )<\/li>\n<li>Internationaler Champion (C.I.B.) &nbsp; &nbsp; &nbsp; &nbsp;&nbsp; (seit 2016)<\/li>\n<li>Benelux Winner NL&#8217;15<\/li>\n<li>Benelux Winner BE&#8217;15<\/li>\n<li>Belgian Winner &#8217;15<\/li>\n<li>Landessieger Hessen-Th\u00fcringen&#8217;15<\/li>\n<li>Landessieger Weser-Ems&#8217;16<\/li>\n<li>Landessieger Nord\/MV&#8217;16<\/li>\n<li><span style=\"color: #ff0000;\">Renn-Lizenz <\/span><\/li>\n<li><span style=\"color: #ff0000;\">Coursing-Lizenz<\/span><\/li>\n<\/ul>\n<p><a href=\"http:\/\/power-and-elegance.de\/wp-content\/uploads\/2014\/12\/wilma-und-kathi1-BEST.jpg\"><img loading=\"lazy\" decoding=\"async\" class=\"alignright wp-image-446 size-medium\" src=\"http:\/\/power-and-elegance.de\/wp-content\/uploads\/2014\/12\/wilma-und-kathi1-BEST-240x300.jpg\" alt=\"wilma und kathi1 BEST\" width=\"240\" height=\"300\" srcset=\"https:\/\/power-and-elegance.de\/wp-content\/uploads\/2014\/12\/wilma-und-kathi1-BEST-240x300.jpg 240w, https:\/\/power-and-elegance.de\/wp-content\/uploads\/2014\/12\/wilma-und-kathi1-BEST-820x1024.jpg 820w, https:\/\/power-and-elegance.de\/wp-content\/uploads\/2014\/12\/wilma-und-kathi1-BEST-700x874.jpg 700w, https:\/\/power-and-elegance.de\/wp-content\/uploads\/2014\/12\/wilma-und-kathi1-BEST.jpg 2000w\" sizes=\"auto, (max-width: 240px) 100vw, 240px\" \/><\/a><br \/>\nErfolge:<\/p>\n<ul>\n<li>1 x J\u00fcngsten-BOB<\/li>\n<li>2 x Jugend-BOB<\/li>\n<li>Fr\u00fchjahrssieger Dortmund &#8217;14 und &#8217;16<\/li>\n<li>12 x CACIB (+1 x CACIB aufger\u00fcckt vom resCACIB)<\/li>\n<li>7 x BOS<\/li>\n<li>8 x BOB<\/li>\n<li>1 x BOG-1<\/li>\n<li>4 x Sieger Paarklasse mit <a title=\"Mucha Moor\u2019s R\u00fcdiger\" href=\"http:\/\/power-and-elegance.de\/irish-wolfhounds\/male\/mucha-moors-rudiger\/\">Mucha Moor&#8217;s R\u00fcdiger<\/a><\/li>\n<li>2 x Crufts Qualifikation f\u00fcr 2016<\/li>\n<li>Nr. 3 der Deutschen Irish Wolfhound Ausstellungs-Rangliste 2014<\/li>\n<li>Nr. 2 der Niederl\u00e4ndischen Irish Wolfhound Ausstellungs-Rangliste 2015<\/li>\n<li>Nr. 4 der Deutschen Irish Wolfhound Ausstellungs-Rangliste 2016<\/li>\n<\/ul>\n<figure id=\"attachment_1394\" aria-describedby=\"caption-attachment-1394\" style=\"width: 660px\" class=\"wp-caption alignright\"><a href=\"http:\/\/power-and-elegance.de\/wp-content\/uploads\/2014\/12\/18402299_1768270966817020_30977530178219146_o.jpg\"><img loading=\"lazy\" decoding=\"async\" class=\"wp-image-1394 size-large\" src=\"http:\/\/power-and-elegance.de\/wp-content\/uploads\/2014\/12\/18402299_1768270966817020_30977530178219146_o-1024x682.jpg\" alt=\"\" width=\"660\" height=\"440\" srcset=\"https:\/\/power-and-elegance.de\/wp-content\/uploads\/2014\/12\/18402299_1768270966817020_30977530178219146_o-1024x682.jpg 1024w, https:\/\/power-and-elegance.de\/wp-content\/uploads\/2014\/12\/18402299_1768270966817020_30977530178219146_o-300x200.jpg 300w, https:\/\/power-and-elegance.de\/wp-content\/uploads\/2014\/12\/18402299_1768270966817020_30977530178219146_o-768x511.jpg 768w, https:\/\/power-and-elegance.de\/wp-content\/uploads\/2014\/12\/18402299_1768270966817020_30977530178219146_o-700x466.jpg 700w, https:\/\/power-and-elegance.de\/wp-content\/uploads\/2014\/12\/18402299_1768270966817020_30977530178219146_o.jpg 2048w\" sizes=\"auto, (max-width: 660px) 100vw, 660px\" \/><\/a><figcaption id=\"caption-attachment-1394\" class=\"wp-caption-text\">Wilma hat Spa\u00df auf der Rennbahn<\/figcaption><\/figure>\n<p>Begonnene Titel:<\/p>\n<ul>\n<li>Belgischer Champion<\/li>\n<li>Benelux Champion<\/li>\n<li><span style=\"color: #800000;\">Pr\u00e4dikatsk\u00f6rung f\u00fcr Sch\u00f6nheit &amp; Leistung<\/span><\/li>\n<li><span style=\"color: #800000;\">Deutscher Champion f\u00fcr Sch\u00f6nheit &amp; Leistung<\/span><\/li>\n<li><span style=\"color: #ff0000;\">Leistungsurkunde Rennen (LU)<\/span><\/li>\n<\/ul>\n<p>Sonstiges:<\/p>\n<ul>\n<li>Mutter unseres &#8222;Power &amp; Elegance&#8220; B-Wurfes<\/li>\n<\/ul>\n<p><a title=\"(Deutsch) Statistik\" href=\"http:\/\/power-and-elegance.de\/deutsch-statistik\/\">Statistik<\/a><\/p>\n<p>Galerie<\/p>\n<p><div id='gallery-2' class='gallery galleryid-33 gallery-columns-3 gallery-size-large'><figure class='gallery-item'>\n\t\t\t<div class='gallery-icon landscape'>\n\t\t\t\t<a rel='attachment' href='https:\/\/power-and-elegance.de\/wp-content\/uploads\/2014\/12\/Wilma-Tag-1-BOBsmall.jpg'><img loading=\"lazy\" decoding=\"async\" width=\"660\" height=\"449\" src=\"https:\/\/power-and-elegance.de\/wp-content\/uploads\/2014\/12\/Wilma-Tag-1-BOBsmall-1024x696.jpg\" class=\"attachment-large size-large\" alt=\"\" aria-describedby=\"gallery-2-668\" srcset=\"https:\/\/power-and-elegance.de\/wp-content\/uploads\/2014\/12\/Wilma-Tag-1-BOBsmall-1024x696.jpg 1024w, https:\/\/power-and-elegance.de\/wp-content\/uploads\/2014\/12\/Wilma-Tag-1-BOBsmall-300x204.jpg 300w, https:\/\/power-and-elegance.de\/wp-content\/uploads\/2014\/12\/Wilma-Tag-1-BOBsmall-700x476.jpg 700w, https:\/\/power-and-elegance.de\/wp-content\/uploads\/2014\/12\/Wilma-Tag-1-BOBsmall.jpg 1800w\" sizes=\"auto, (max-width: 660px) 100vw, 660px\" \/><\/a>\n\t\t\t<\/div>\n\t\t\t\t<figcaption class='wp-caption-text gallery-caption' id='gallery-2-668'>\n\t\t\t\t3 x BOB Budapest &#8217;15\n\t\t\t\t<\/figcaption><\/figure><figure class='gallery-item'>\n\t\t\t<div class='gallery-icon landscape'>\n\t\t\t\t<a rel='attachment' href='https:\/\/power-and-elegance.de\/wp-content\/uploads\/2015\/02\/432_GRONINGEN_2015_Kynoweb_Ernst_von_Scheven_February-28-2015_16_20_51.jpg'><img loading=\"lazy\" decoding=\"async\" width=\"660\" height=\"660\" src=\"https:\/\/power-and-elegance.de\/wp-content\/uploads\/2015\/02\/432_GRONINGEN_2015_Kynoweb_Ernst_von_Scheven_February-28-2015_16_20_51.jpg\" class=\"attachment-large size-large\" alt=\"\" aria-describedby=\"gallery-2-532\" srcset=\"https:\/\/power-and-elegance.de\/wp-content\/uploads\/2015\/02\/432_GRONINGEN_2015_Kynoweb_Ernst_von_Scheven_February-28-2015_16_20_51.jpg 900w, https:\/\/power-and-elegance.de\/wp-content\/uploads\/2015\/02\/432_GRONINGEN_2015_Kynoweb_Ernst_von_Scheven_February-28-2015_16_20_51-150x150.jpg 150w, https:\/\/power-and-elegance.de\/wp-content\/uploads\/2015\/02\/432_GRONINGEN_2015_Kynoweb_Ernst_von_Scheven_February-28-2015_16_20_51-300x300.jpg 300w, https:\/\/power-and-elegance.de\/wp-content\/uploads\/2015\/02\/432_GRONINGEN_2015_Kynoweb_Ernst_von_Scheven_February-28-2015_16_20_51-432x432.jpg 432w, https:\/\/power-and-elegance.de\/wp-content\/uploads\/2015\/02\/432_GRONINGEN_2015_Kynoweb_Ernst_von_Scheven_February-28-2015_16_20_51-268x268.jpg 268w, https:\/\/power-and-elegance.de\/wp-content\/uploads\/2015\/02\/432_GRONINGEN_2015_Kynoweb_Ernst_von_Scheven_February-28-2015_16_20_51-700x700.jpg 700w\" sizes=\"auto, (max-width: 660px) 100vw, 660px\" \/><\/a>\n\t\t\t<\/div>\n\t\t\t\t<figcaption class='wp-caption-text gallery-caption' id='gallery-2-532'>\n\t\t\t\tBOB Groningen &#8217;15\n\t\t\t\t<\/figcaption><\/figure><figure class='gallery-item'>\n\t\t\t<div class='gallery-icon landscape'>\n\t\t\t\t<a rel='attachment' href='https:\/\/power-and-elegance.de\/wp-content\/uploads\/2014\/12\/wilma-BOG.jpg'><img loading=\"lazy\" decoding=\"async\" width=\"660\" height=\"354\" src=\"https:\/\/power-and-elegance.de\/wp-content\/uploads\/2014\/12\/wilma-BOG-1024x549.jpg\" class=\"attachment-large size-large\" alt=\"\" aria-describedby=\"gallery-2-491\" srcset=\"https:\/\/power-and-elegance.de\/wp-content\/uploads\/2014\/12\/wilma-BOG-1024x549.jpg 1024w, https:\/\/power-and-elegance.de\/wp-content\/uploads\/2014\/12\/wilma-BOG-300x161.jpg 300w, https:\/\/power-and-elegance.de\/wp-content\/uploads\/2014\/12\/wilma-BOG-700x375.jpg 700w, https:\/\/power-and-elegance.de\/wp-content\/uploads\/2014\/12\/wilma-BOG.jpg 1769w\" sizes=\"auto, (max-width: 660px) 100vw, 660px\" \/><\/a>\n\t\t\t<\/div>\n\t\t\t\t<figcaption class='wp-caption-text gallery-caption' id='gallery-2-491'>\n\t\t\t\tBOG Gorzow 2014\n\t\t\t\t<\/figcaption><\/figure><figure class='gallery-item'>\n\t\t\t<div class='gallery-icon landscape'>\n\t\t\t\t<a rel='attachment' href='https:\/\/power-and-elegance.de\/wp-content\/uploads\/2014\/12\/BOS-Neum\u00fcnster.jpg'><img loading=\"lazy\" decoding=\"async\" width=\"660\" height=\"418\" src=\"https:\/\/power-and-elegance.de\/wp-content\/uploads\/2014\/12\/BOS-Neum\u00fcnster-1024x648.jpg\" class=\"attachment-large size-large\" alt=\"\" aria-describedby=\"gallery-2-490\" srcset=\"https:\/\/power-and-elegance.de\/wp-content\/uploads\/2014\/12\/BOS-Neum\u00fcnster-1024x648.jpg 1024w, https:\/\/power-and-elegance.de\/wp-content\/uploads\/2014\/12\/BOS-Neum\u00fcnster-300x190.jpg 300w, https:\/\/power-and-elegance.de\/wp-content\/uploads\/2014\/12\/BOS-Neum\u00fcnster-700x443.jpg 700w\" sizes=\"auto, (max-width: 660px) 100vw, 660px\" \/><\/a>\n\t\t\t<\/div>\n\t\t\t\t<figcaption class='wp-caption-text gallery-caption' id='gallery-2-490'>\n\t\t\t\tBOS Neum\u00fcnster 2014\n\t\t\t\t<\/figcaption><\/figure><figure class='gallery-item'>\n\t\t\t<div class='gallery-icon landscape'>\n\t\t\t\t<a rel='attachment' href='https:\/\/power-and-elegance.de\/wp-content\/uploads\/2014\/12\/Wilma-BOB-Greppin.jpg'><img loading=\"lazy\" decoding=\"async\" width=\"660\" height=\"495\" src=\"https:\/\/power-and-elegance.de\/wp-content\/uploads\/2014\/12\/Wilma-BOB-Greppin.jpg\" class=\"attachment-large size-large\" alt=\"\" aria-describedby=\"gallery-2-494\" srcset=\"https:\/\/power-and-elegance.de\/wp-content\/uploads\/2014\/12\/Wilma-BOB-Greppin.jpg 960w, https:\/\/power-and-elegance.de\/wp-content\/uploads\/2014\/12\/Wilma-BOB-Greppin-300x225.jpg 300w, https:\/\/power-and-elegance.de\/wp-content\/uploads\/2014\/12\/Wilma-BOB-Greppin-700x525.jpg 700w\" sizes=\"auto, (max-width: 660px) 100vw, 660px\" \/><\/a>\n\t\t\t<\/div>\n\t\t\t\t<figcaption class='wp-caption-text gallery-caption' id='gallery-2-494'>\n\t\t\t\tBOB Greppin 2014\n\t\t\t\t<\/figcaption><\/figure><figure class='gallery-item'>\n\t\t\t<div class='gallery-icon portrait'>\n\t\t\t\t<a rel='attachment' href='https:\/\/power-and-elegance.de\/wp-content\/uploads\/2014\/12\/Wilma-N\u00fcrnber-2013.jpg'><img loading=\"lazy\" decoding=\"async\" width=\"660\" height=\"748\" src=\"https:\/\/power-and-elegance.de\/wp-content\/uploads\/2014\/12\/Wilma-N\u00fcrnber-2013-904x1024.jpg\" class=\"attachment-large size-large\" alt=\"\" aria-describedby=\"gallery-2-492\" srcset=\"https:\/\/power-and-elegance.de\/wp-content\/uploads\/2014\/12\/Wilma-N\u00fcrnber-2013-904x1024.jpg 904w, https:\/\/power-and-elegance.de\/wp-content\/uploads\/2014\/12\/Wilma-N\u00fcrnber-2013-265x300.jpg 265w, https:\/\/power-and-elegance.de\/wp-content\/uploads\/2014\/12\/Wilma-N\u00fcrnber-2013-700x793.jpg 700w, https:\/\/power-and-elegance.de\/wp-content\/uploads\/2014\/12\/Wilma-N\u00fcrnber-2013.jpg 1971w\" sizes=\"auto, (max-width: 660px) 100vw, 660px\" \/><\/a>\n\t\t\t<\/div>\n\t\t\t\t<figcaption class='wp-caption-text gallery-caption' id='gallery-2-492'>\n\t\t\t\tJBOB N\u00fcrnberg 2014\n\t\t\t\t<\/figcaption><\/figure>\n\t\t<\/div>\n<\/p>","protected":false},"excerpt":{"rendered":"<p>Geburtsdatum: 14.10.2012 Farbe: sandfarben gestromt H\u00f6he: 80 cm Wilmas Stammbaum Titel: Deutscher Jugend-Champion (DWZRV) (seit 2014) Polnischer Champion&nbsp;&nbsp;&nbsp;&nbsp;&nbsp;&nbsp;&nbsp;&nbsp;&nbsp;&nbsp;&nbsp;&nbsp;&nbsp;&nbsp;&nbsp;&nbsp;&nbsp;&nbsp;&nbsp;&nbsp;&nbsp;&nbsp;&nbsp;&nbsp;&nbsp;&nbsp;&nbsp;&nbsp;&nbsp;&nbsp; (&nbsp;&nbsp;&nbsp;&nbsp;&nbsp;&nbsp;&nbsp; &#8220;&nbsp;&nbsp;&nbsp;&nbsp;&nbsp; ) Ungarischer Champion&nbsp;&nbsp;&nbsp;&nbsp;&nbsp;&nbsp;&nbsp;&nbsp;&nbsp;&nbsp;&nbsp;&nbsp;&nbsp;&nbsp;&nbsp;&nbsp;&nbsp;&nbsp;&nbsp;&nbsp;&nbsp;&nbsp;&nbsp;&nbsp;&nbsp;&nbsp;&nbsp; (seit 2015) Deutscher (DWZRV) Champion&nbsp;&nbsp;&nbsp;&nbsp;&nbsp;&nbsp;&nbsp;&nbsp;&nbsp;&nbsp;&nbsp;&nbsp;&nbsp;&nbsp; (&nbsp;&nbsp;&nbsp;&nbsp;&nbsp;&nbsp;&nbsp; &#8220;&nbsp;&nbsp;&nbsp;&nbsp;&nbsp; ) Deutscher (VDH) Champion&nbsp;&nbsp;&nbsp;&nbsp;&nbsp;&nbsp;&nbsp;&nbsp;&nbsp;&nbsp;&nbsp;&nbsp;&nbsp;&nbsp;&nbsp;&nbsp;&nbsp;&nbsp;&nbsp; (&nbsp;&nbsp;&nbsp;&nbsp;&nbsp;&nbsp;&nbsp; &#8220;&nbsp;&nbsp;&nbsp;&nbsp;&nbsp; ) Niederl\u00e4ndischer&nbsp;Champion&nbsp;&nbsp;&nbsp;&nbsp;&nbsp;&nbsp;&nbsp;&nbsp;&nbsp;&nbsp;&nbsp;&nbsp;&nbsp;&nbsp;&nbsp;&nbsp;&nbsp;&nbsp; (&nbsp;&nbsp;&nbsp;&nbsp;&nbsp;&nbsp;&nbsp; &#8220;&nbsp;&nbsp;&nbsp;&nbsp;&nbsp; ) Internationaler Champion (C.I.B.) &nbsp; &nbsp; &nbsp; &nbsp;&nbsp; (seit 2016) &#8230;<\/p>\n","protected":false},"author":1,"featured_media":0,"parent":21,"menu_order":0,"comment_status":"closed","ping_status":"open","template":"","meta":{"ngg_post_thumbnail":0,"footnotes":""},"class_list":["post-33","page","type-page","status-publish","hentry","column","twocol"],"_links":{"self":[{"href":"https:\/\/power-and-elegance.de\/de\/wp-json\/wp\/v2\/pages\/33","targetHints":{"allow":["GET"]}}],"collection":[{"href":"https:\/\/power-and-elegance.de\/de\/wp-json\/wp\/v2\/pages"}],"about":[{"href":"https:\/\/power-and-elegance.de\/de\/wp-json\/wp\/v2\/types\/page"}],"author":[{"embeddable":true,"href":"https:\/\/power-and-elegance.de\/de\/wp-json\/wp\/v2\/users\/1"}],"replies":[{"embeddable":true,"href":"https:\/\/power-and-elegance.de\/de\/wp-json\/wp\/v2\/comments?post=33"}],"version-history":[{"count":101,"href":"https:\/\/power-and-elegance.de\/de\/wp-json\/wp\/v2\/pages\/33\/revisions"}],"predecessor-version":[{"id":2589,"href":"https:\/\/power-and-elegance.de\/de\/wp-json\/wp\/v2\/pages\/33\/revisions\/2589"}],"up":[{"embeddable":true,"href":"https:\/\/power-and-elegance.de\/de\/wp-json\/wp\/v2\/pages\/21"}],"wp:attachment":[{"href":"https:\/\/power-and-elegance.de\/de\/wp-json\/wp\/v2\/media?parent=33"}],"curies":[{"name":"wp","href":"https:\/\/api.w.org\/{rel}","templated":true}]}}